{"id":81825,"date":"2024-05-24T21:48:37","date_gmt":"2024-05-24T19:48:37","guid":{"rendered":"https:\/\/immo-monte.me\/osnivanje-kompanije-u-crnoj-gori\/"},"modified":"2026-04-23T21:38:44","modified_gmt":"2026-04-23T19:38:44","slug":"osnivanje-kompanije-u-crnoj-gori","status":"publish","type":"page","link":"https:\/\/immo-monte.me\/bs\/osnivanje-kompanije-u-crnoj-gori\/","title":{"rendered":"Osnivanje kompanije u Crnoj Gori"},"content":{"rendered":"\t\t<div data-elementor-type=\"wp-page\" data-elementor-id=\"81825\" class=\"elementor elementor-81825 elementor-79948\" data-elementor-post-type=\"page\">\n\t\t\t\t\t\t<section class=\"elementor-section elementor-top-section elementor-element elementor-element-6f28ee3 elementor-section-boxed elementor-section-height-default elementor-section-height-default\" data-id=\"6f28ee3\" data-element_type=\"section\" data-e-type=\"section\">\n\t\t\t\t\t\t<div class=\"elementor-container elementor-column-gap-default\">\n\t\t\t\t\t<div class=\"elementor-column elementor-col-100 elementor-top-column elementor-element elementor-element-04bbd3f\" data-id=\"04bbd3f\" data-element_type=\"column\" data-e-type=\"column\">\n\t\t\t<div class=\"elementor-widget-wrap elementor-element-populated\">\n\t\t\t\t\t\t<div class=\"elementor-element elementor-element-39411e6 elementor-widget elementor-widget-image\" data-id=\"39411e6\" data-element_type=\"widget\" data-e-type=\"widget\" data-widget_type=\"image.default\">\n\t\t\t\t<div class=\"elementor-widget-container\">\n\t\t\t\t\t\t\t\t\t\t\t\t\t\t\t<img fetchpriority=\"high\" decoding=\"async\" width=\"1024\" height=\"683\" src=\"https:\/\/immo-monte.me\/wp-content\/uploads\/2022\/11\/AdobeStock_211102263-1024x683.jpeg\" class=\"attachment-large size-large wp-image-56922\" alt=\"Firmengr\u00fcndung in Montenegro\" srcset=\"https:\/\/immo-monte.me\/wp-content\/uploads\/2022\/11\/AdobeStock_211102263-1024x683.jpeg 1024w, https:\/\/immo-monte.me\/wp-content\/uploads\/2022\/11\/AdobeStock_211102263-300x200.jpeg 300w, https:\/\/immo-monte.me\/wp-content\/uploads\/2022\/11\/AdobeStock_211102263-768x512.jpeg 768w, https:\/\/immo-monte.me\/wp-content\/uploads\/2022\/11\/AdobeStock_211102263-1536x1024.jpeg 1536w, https:\/\/immo-monte.me\/wp-content\/uploads\/2022\/11\/AdobeStock_211102263-2048x1365.jpeg 2048w, https:\/\/immo-monte.me\/wp-content\/uploads\/2022\/11\/AdobeStock_211102263-900x600.jpeg 900w, https:\/\/immo-monte.me\/wp-content\/uploads\/2022\/11\/AdobeStock_211102263-496x331.jpeg 496w\" sizes=\"(max-width: 1024px) 100vw, 1024px\" \/>\t\t\t\t\t\t\t\t\t\t\t\t\t\t\t<\/div>\n\t\t\t\t<\/div>\n\t\t\t\t\t<\/div>\n\t\t<\/div>\n\t\t\t\t\t<\/div>\n\t\t<\/section>\n\t\t\t\t<section class=\"elementor-section elementor-top-section elementor-element elementor-element-84f233d elementor-section-boxed elementor-section-height-default elementor-section-height-default\" data-id=\"84f233d\" data-element_type=\"section\" data-e-type=\"section\">\n\t\t\t\t\t\t<div class=\"elementor-container elementor-column-gap-default\">\n\t\t\t\t\t<div class=\"elementor-column elementor-col-100 elementor-top-column elementor-element elementor-element-7c571ed\" data-id=\"7c571ed\" data-element_type=\"column\" data-e-type=\"column\">\n\t\t\t<div class=\"elementor-widget-wrap elementor-element-populated\">\n\t\t\t\t\t\t<div class=\"elementor-element elementor-element-cfec07d elementor-widget elementor-widget-spacer\" data-id=\"cfec07d\" data-element_type=\"widget\" data-e-type=\"widget\" data-widget_type=\"spacer.default\">\n\t\t\t\t<div class=\"elementor-widget-container\">\n\t\t\t\t\t\t\t<div class=\"elementor-spacer\">\n\t\t\t<div class=\"elementor-spacer-inner\"><\/div>\n\t\t<\/div>\n\t\t\t\t\t\t<\/div>\n\t\t\t\t<\/div>\n\t\t\t\t\t<\/div>\n\t\t<\/div>\n\t\t\t\t\t<\/div>\n\t\t<\/section>\n\t\t\t\t<section class=\"elementor-section elementor-top-section elementor-element elementor-element-cc6b219 elementor-section-boxed elementor-section-height-default elementor-section-height-default\" data-id=\"cc6b219\" data-element_type=\"section\" data-e-type=\"section\">\n\t\t\t\t\t\t<div class=\"elementor-container elementor-column-gap-default\">\n\t\t\t\t\t<div class=\"elementor-column elementor-col-100 elementor-top-column elementor-element elementor-element-607a79f\" data-id=\"607a79f\" data-element_type=\"column\" data-e-type=\"column\">\n\t\t\t<div class=\"elementor-widget-wrap elementor-element-populated\">\n\t\t\t\t\t\t<div class=\"elementor-element elementor-element-96501e2 elementor-widget elementor-widget-heading\" data-id=\"96501e2\" data-element_type=\"widget\" data-e-type=\"widget\" data-widget_type=\"heading.default\">\n\t\t\t\t<div class=\"elementor-widget-container\">\n\t\t\t\t\t<h2 class=\"elementor-heading-title elementor-size-default\">Osnivanje kompanije u Crnoj Gori<\/h2>\t\t\t\t<\/div>\n\t\t\t\t<\/div>\n\t\t\t\t\t<\/div>\n\t\t<\/div>\n\t\t\t\t\t<\/div>\n\t\t<\/section>\n\t\t\t\t<section class=\"elementor-section elementor-top-section elementor-element elementor-element-db48f50 elementor-section-boxed elementor-section-height-default elementor-section-height-default\" data-id=\"db48f50\" data-element_type=\"section\" data-e-type=\"section\">\n\t\t\t\t\t\t<div class=\"elementor-container elementor-column-gap-default\">\n\t\t\t\t\t<div class=\"elementor-column elementor-col-100 elementor-top-column elementor-element elementor-element-5ea20c2\" data-id=\"5ea20c2\" data-element_type=\"column\" data-e-type=\"column\">\n\t\t\t<div class=\"elementor-widget-wrap elementor-element-populated\">\n\t\t\t\t\t\t<div class=\"elementor-element elementor-element-9a23656 elementor-widget elementor-widget-text-editor\" data-id=\"9a23656\" data-element_type=\"widget\" data-e-type=\"widget\" data-widget_type=\"text-editor.default\">\n\t\t\t\t<div class=\"elementor-widget-container\">\n\t\t\t\t\t\t\t\t\t<h3 data-section-id=\"s6e1zd\" data-start=\"237\" data-end=\"330\">Va\u0161 sveobuhvatni vodi\u010d sa svim najnovijim informacijama<\/h3><p data-start=\"332\" data-end=\"857\">Osnivanje preduze\u0107a u Crnoj Gori ve\u0107 dugi niz godina je jedna od osnovnih usluga na\u0161e agencije Immo Monte. Svakodnevno podr\u017eavamo osniva\u010de iz zemalja njema\u010dkog govornog podru\u010dja i me\u0111unarodne poduzetnike u uspje\u0161noj realizaciji njihovih poslovnih ideja u Crnoj Gori. Za mnoge, osnivanje preduze\u0107a u Crnoj Gori nije samo finansijski korak, ve\u0107 je \u010desto usko povezano sa pitanjima kao \u0161to su boravi\u0161ne dozvole, poreska struktura, bankovni ra\u010duni i dugoro\u010dno planiranje \u017eivota u zemlji.  <\/p>\t\t\t\t\t\t\t\t<\/div>\n\t\t\t\t<\/div>\n\t\t\t\t\t<\/div>\n\t\t<\/div>\n\t\t\t\t\t<\/div>\n\t\t<\/section>\n\t\t\t\t<section class=\"elementor-section elementor-top-section elementor-element elementor-element-9099301 elementor-section-boxed elementor-section-height-default elementor-section-height-default\" data-id=\"9099301\" data-element_type=\"section\" data-e-type=\"section\">\n\t\t\t\t\t\t<div class=\"elementor-container elementor-column-gap-default\">\n\t\t\t\t\t<div class=\"elementor-column elementor-col-100 elementor-top-column elementor-element elementor-element-d0c9a4a\" data-id=\"d0c9a4a\" data-element_type=\"column\" data-e-type=\"column\">\n\t\t\t<div class=\"elementor-widget-wrap elementor-element-populated\">\n\t\t\t\t\t\t<div class=\"elementor-element elementor-element-c8406dd elementor-widget elementor-widget-text-editor\" data-id=\"c8406dd\" data-element_type=\"widget\" data-e-type=\"widget\" data-widget_type=\"text-editor.default\">\n\t\t\t\t<div class=\"elementor-widget-container\">\n\t\t\t\t\t\t\t\t\t<h3 data-section-id=\"vlf7au\" data-start=\"83\" data-end=\"149\">Za\u0161to je osnivanje firme u Crnoj Gori privla\u010dno mnogima<\/h3><p data-start=\"151\" data-end=\"450\">Osnivanje kompanije u Crnoj Gori nudi relativno brz i jednostavan na\u010din za pokretanje poslovanja u zemlji. Posebno u po\u010detnoj fazi, jezi\u010dka barijera predstavlja izazov za mnoge, zbog \u010dega <strong>je samozapo\u0161ljavanje \u010desto preferirana opcija<\/strong> . <\/p><p data-start=\"452\" data-end=\"965\">Klju\u010dni faktor za\u0161to mnogi odlu\u010duju osnovati kompaniju u Crnoj Gori je <strong>poresko okru\u017eenje.<\/strong> <strong>Crna Gora je me\u0111u poreski najpovoljnijim lokacijama u Evropi<\/strong> . Porez na dohodak, porez na dobit preduze\u0107a, porez na dodatu vrijednost i porez na kapitalnu dobit su znatno ni\u017ei u pore\u0111enju sa Njema\u010dkom. To stvara solidnu osnovu za odr\u017eivi rast i omogu\u0107ava preduzetnicima da posluju mnogo efikasnije.  <\/p><p data-start=\"967\" data-end=\"1509\">Nadalje, <strong>teku\u0107i operativni tro\u0161kovi<\/strong> su znatno ni\u017ei. <strong>Komercijalne rente<\/strong> u Crnoj Gori su \u010desto znatno <strong>jeftinije<\/strong> nego u Njema\u010dkoj, \u0161to \u010dini ogromnu razliku, posebno u po\u010detnoj fazi. Istovremeno, <strong>plate i nadnice su tako\u0111er znatno ni\u017ee<\/strong> , dok su <strong>doprinosi za socijalno osiguranje<\/strong> i tro\u0161kovi <strong>zdravstvenog osiguranja<\/strong> zaposlenih relativno <strong>vrlo niski<\/strong> . To omogu\u0107ava razvoj strukture kompanije koja je znatno vitkija i fleksibilnija.  <\/p><p data-start=\"1511\" data-end=\"2157\">Jo\u0161 jedna vrlo \u010desta motivacija za osnivanje kompanije u Crnoj Gori je mogu\u0107nost dobijanja <strong>boravi\u0161ne dozvole<\/strong> putem vlastite kompanije. U praksi, to zna\u010di da se mnogi osniva\u010di zapo\u0161ljavaju kao direktori vlastite kompanije i na toj osnovi podnose zahtjev za boravi\u0161nu i radnu dozvolu. Ova kombinacija poduzetni\u010dke aktivnosti i prava boravka \u010dini osnivanje kompanije u Crnoj Gori posebno atraktivnim za iseljenike i me\u0111unarodne poduzetnike &#8211; iako je ova oblast stro\u017ee regulisana i povezana sa stvarnom poslovnom aktivno\u0161\u0107u od 2025. godine.  <\/p><p data-start=\"2159\" data-end=\"2849\">Jo\u0161 jedna \u010desto podcijenjena prednost osnivanja kompanije u Crnoj Gori le\u017ei u <strong>tr\u017ei\u0161noj situaciji<\/strong> . U mnogim sektorima postoji <strong>znatno manja konkurencija<\/strong> nego u Njema\u010dkoj ili drugim etabliranim tr\u017ei\u0161tima. Iako ulazak na zasi\u0107ena tr\u017ei\u0161ta u Njema\u010dkoj \u010desto zna\u010di ulazak na takva tr\u017ei\u0161ta, Crna Gora i dalje nudi istinske mogu\u0107nosti u brojnim oblastima. Mnoge poslovne ideje koje su odavno uspostavljene u Njema\u010dkoj ili jo\u0161 uvijek ne postoje ovdje ili su prisutne samo u vrlo ograni\u010denom obliku. Konkretno, to zna\u010di da svako ko danas zapo\u010dinje osnivanje kompanije u Crnoj Gori \u010desto ima <strong>priliku da se rano pozicionira i osigura odlu\u010duju\u0107u konkurentsku prednost.<\/strong>    <\/p><p data-start=\"2851\" data-end=\"3256\">Cijeli paket zaokru\u017euje jednostavna struktura <strong>doo (dru\u0161tva sa ograni\u010denom odgovorno\u0161\u0107u<\/strong> ), koje se mo\u017ee osnovati sa <strong>minimalnim osnovnim kapitalom od samo 1 euro<\/strong> i pokriva \u0161irok spektar djelatnosti. Ova kombinacija niskih prepreka za ulazak, niskih operativnih tro\u0161kova i visoke tr\u017ei\u0161ne dinamike \u010dini osnivanje kompanije u Crnoj Gori posebno atraktivnim za mnoge poduzetnike. <\/p><p data-start=\"3258\" data-end=\"3521\">Najva\u017enije prednosti osnivanja firme u Crnoj Gori sumirali smo i u videu i u detaljnom blog \u010dlanku, u kojem detaljnije obra\u0111ujemo pojedina\u010dne aspekte i prikazujemo konkretne primjere iz prakse:<\/p><p data-start=\"3523\" data-end=\"3657\">Video: <a class=\"decorated-link\" href=\"https:\/\/youtu.be\/A8GSHGDgsT0\" target=\"_new\" rel=\"noopener\" data-start=\"3530\" data-end=\"3558\">https:\/\/youtu.be\/A8GSHGDgsT0<\/a><br data-start=\"3558\" data-end=\"3561\"> \u010clanak na blogu: <a class=\"decorated-link\" href=\"https:\/\/immo-monte.me\/bs\/2024\/10\/15\/10-prednosti-pokretanja-kompanije-u-crnoj-gori\/\" target=\"_new\" rel=\"noopener\" data-start=\"3574\" data-end=\"3655\">https:\/\/immo-monte.me\/2024\/10\/15\/10-vorteile-einer-firmengruendung-in-montenegro\/<\/a><\/p>\t\t\t\t\t\t\t\t<\/div>\n\t\t\t\t<\/div>\n\t\t\t\t\t<\/div>\n\t\t<\/div>\n\t\t\t\t\t<\/div>\n\t\t<\/section>\n\t\t\t\t<section class=\"elementor-section elementor-top-section elementor-element elementor-element-a4a5a4f elementor-section-boxed elementor-section-height-default elementor-section-height-default\" data-id=\"a4a5a4f\" data-element_type=\"section\" data-e-type=\"section\">\n\t\t\t\t\t\t<div class=\"elementor-container elementor-column-gap-default\">\n\t\t\t\t\t<div class=\"elementor-column elementor-col-100 elementor-top-column elementor-element elementor-element-5ad18c5\" data-id=\"5ad18c5\" data-element_type=\"column\" data-e-type=\"column\">\n\t\t\t<div class=\"elementor-widget-wrap elementor-element-populated\">\n\t\t\t\t\t\t<div class=\"elementor-element elementor-element-db94a3b elementor-widget elementor-widget-text-editor\" data-id=\"db94a3b\" data-element_type=\"widget\" data-e-type=\"widget\" data-widget_type=\"text-editor.default\">\n\t\t\t\t<div class=\"elementor-widget-container\">\n\t\t\t\t\t\t\t\t\t<h3 data-section-id=\"dd3fuf\" data-start=\"107\" data-end=\"145\">Proces i trajanje osnivanja kompanije<\/h3><p data-start=\"147\" data-end=\"486\">Proces osnivanja kompanije u Crnoj Gori ostaje jasno strukturiran. Obi\u010dno traje oko <strong>3 do 7 radnih dana<\/strong> , pod uslovom da su svi dokumenti kompletni. Ovaj period mo\u017ee biti ne\u0161to du\u017ei u zavisnosti od obima posla organa vlasti, advokata i sistema, kao i praznika i vikenda.  <\/p><p data-start=\"488\" data-end=\"796\">Me\u0111utim, va\u017eno je napomenuti da su pravne i tehni\u010dke promjene od 2025\/2026. godine zna\u010dajno izmijenile proces osnivanja preduze\u0107a u Crnoj Gori. Prvenstveno zbog sve ve\u0107e digitalizacije, proces je u nekim aspektima postao moderniji, ali i formalniji nego prije. <\/p><p data-start=\"798\" data-end=\"1359\">Klju\u010dna komponenta ove nove strukture je takozvani <strong data-start=\"865\" data-end=\"874\">token<\/strong> . To je digitalni certifikat ili elektronski potpis potreban za odre\u0111ene slu\u017ebene procese. Pomo\u0107u ovog tokena mo\u017eete se identificirati unutar sistema, legalno digitalno potpisivati \u200b\u200bdokumente i upravljati slu\u017ebenim procesima vezanim za osnivanje preduze\u0107a u Crnoj Gori i naknadno upravljanje. Za ovaj token se prvo mora podnijeti zahtjev i postao je bitan dio cijelog procesa.   <\/p><p data-start=\"1361\" data-end=\"1748\">Mnogima ovo na prvi pogled zvu\u010di komplikovanije nego \u0161to zapravo jeste u praksi.  <strong>Upravo zato, korak po korak, vodimo na\u0161e klijente kroz cijeli proces. Od podno\u0161enja zahtjeva za token i pripreme potrebne dokumentacije do samog osnivanja kompanije u Crnoj Gori i svih naknadnih slu\u017ebenih procedura, pouzdano vas podr\u017eavamo u svakom koraku. <\/strong><\/p><p data-start=\"1361\" data-end=\"1748\">Ranije je bilo mogu\u0107e osnovati kompaniju na daljinu putem punomo\u0107i. Na\u017ealost, to je sada te\u017ee zbog procesa podno\u0161enja zahtjeva i notarskog imenovanja za token, jer je potrebno li\u010dno prisustvo.   <\/p>\t\t\t\t\t\t\t\t<\/div>\n\t\t\t\t<\/div>\n\t\t\t\t\t<\/div>\n\t\t<\/div>\n\t\t\t\t\t<\/div>\n\t\t<\/section>\n\t\t\t\t<section class=\"elementor-section elementor-top-section elementor-element elementor-element-299b5c1 elementor-section-boxed elementor-section-height-default elementor-section-height-default\" data-id=\"299b5c1\" data-element_type=\"section\" data-e-type=\"section\">\n\t\t\t\t\t\t<div class=\"elementor-container elementor-column-gap-default\">\n\t\t\t\t\t<div class=\"elementor-column elementor-col-100 elementor-top-column elementor-element elementor-element-2e78d8e\" data-id=\"2e78d8e\" data-element_type=\"column\" data-e-type=\"column\">\n\t\t\t<div class=\"elementor-widget-wrap elementor-element-populated\">\n\t\t\t\t\t\t<div class=\"elementor-element elementor-element-c74d806 elementor-widget elementor-widget-text-editor\" data-id=\"c74d806\" data-element_type=\"widget\" data-e-type=\"widget\" data-widget_type=\"text-editor.default\">\n\t\t\t\t<div class=\"elementor-widget-container\">\n\t\t\t\t\t\t\t\t\t<h3 data-section-id=\"juxv6u\" data-start=\"137\" data-end=\"181\">Zahtjevi i potrebna dokumentacija<\/h3><p data-start=\"183\" data-end=\"534\">Osnivanje kompanije u Crnoj Gori ostaje relativno <strong>jednostavno<\/strong> u smislu osnovnih zahtjeva. U ve\u0107ini slu\u010dajeva, potreban vam je samo <strong>va\u017ee\u0107i paso\u0161 i naziv kompanije po va\u0161em izboru.<\/strong> Ovaj naziv \u0107e zatim provjeriti advokat specijaliziran za poslovne sporove kako bi se osigurala njegova dostupnost. <\/p><p data-start=\"536\" data-end=\"983\">Klju\u010dna promjena koja je rezultat nedavnih pravnih i administrativnih de\u0161avanja ti\u010de se zahtjeva za direktore. Dok je ranije za registraciju bila obavezna diploma o zavr\u0161enoj srednjoj \u0161koli (npr. iz srednje \u0161kole, osnovne \u0161kole ili gimnazije), to vi\u0161e nije potrebno. Ova prilagodba dodatno pojednostavljuje osnivanje preduze\u0107a u Crnoj Gori i zna\u010dajno smanjuje birokratsko optere\u0107enje.  <\/p><p data-start=\"985\" data-end=\"1116\">Me\u0111utim, ostaje nepromijenjeno da se generalni direktor mora imenovati nakon osnivanja kompanije, jer je to zakonski propisano.<\/p><p data-start=\"1118\" data-end=\"1495\">Nadalje, kontinuirana digitalizacija dovela je do pojave novih tehni\u010dkih zahtjeva. Konkretno, prethodno spomenuti token \u2013 digitalni potpis koji se koristi za identifikaciju i obradu slu\u017ebenih procedura \u2013 sada je klju\u010dna komponenta u osnivanju kompanija u Crnoj Gori i u kasnijem upravljanju kompanijom. <\/p><p data-start=\"1497\" data-end=\"1699\">Sveukupno, osnivanje kompanije u Crnoj Gori ostaje dostupno i relativno jednostavno, ali danas zahtijeva ne\u0161to vi\u0161e strukture u digitalnom podru\u010dju nego prije nekoliko godina.<\/p>\t\t\t\t\t\t\t\t<\/div>\n\t\t\t\t<\/div>\n\t\t\t\t\t<\/div>\n\t\t<\/div>\n\t\t\t\t\t<\/div>\n\t\t<\/section>\n\t\t\t\t<section class=\"elementor-section elementor-top-section elementor-element elementor-element-930779f elementor-section-boxed elementor-section-height-default elementor-section-height-default\" data-id=\"930779f\" data-element_type=\"section\" data-e-type=\"section\">\n\t\t\t\t\t\t<div class=\"elementor-container elementor-column-gap-default\">\n\t\t\t\t\t<div class=\"elementor-column elementor-col-100 elementor-top-column elementor-element elementor-element-d8c3959\" data-id=\"d8c3959\" data-element_type=\"column\" data-e-type=\"column\">\n\t\t\t<div class=\"elementor-widget-wrap elementor-element-populated\">\n\t\t\t\t\t\t<div class=\"elementor-element elementor-element-d8ff8bf elementor-widget elementor-widget-text-editor\" data-id=\"d8ff8bf\" data-element_type=\"widget\" data-e-type=\"widget\" data-widget_type=\"text-editor.default\">\n\t\t\t\t<div class=\"elementor-widget-container\">\n\t\t\t\t\t\t\t\t\t<h3 data-section-id=\"1muc7fe\" data-start=\"3087\" data-end=\"3115\">Tro\u0161kovi osnivanja kompanije<\/h3><p data-start=\"3117\" data-end=\"3426\">Tro\u0161kovi osnivanja kompanije u Crnoj Gori variraju iz godine u godinu i prvenstveno zavise od pravnih i administrativnih tro\u0161kova. Od reformi provedenih 2025. godine, moraju se uzeti u obzir i dodatni faktori, posebno oni koji se odnose na digitalizaciju i nove zakonske zahtjeve. <\/p><p data-start=\"3428\" data-end=\"3560\">Stoga se preporu\u010duje da se trenutni tro\u0161kovi pojedina\u010dno zatra\u017ee kako bi se dobio realan i transparentan obra\u010dun.<\/p>\t\t\t\t\t\t\t\t<\/div>\n\t\t\t\t<\/div>\n\t\t\t\t\t<\/div>\n\t\t<\/div>\n\t\t\t\t\t<\/div>\n\t\t<\/section>\n\t\t\t\t<section class=\"elementor-section elementor-top-section elementor-element elementor-element-cc4bd1c elementor-section-boxed elementor-section-height-default elementor-section-height-default\" data-id=\"cc4bd1c\" data-element_type=\"section\" data-e-type=\"section\">\n\t\t\t\t\t\t<div class=\"elementor-container elementor-column-gap-default\">\n\t\t\t\t\t<div class=\"elementor-column elementor-col-100 elementor-top-column elementor-element elementor-element-44308f6\" data-id=\"44308f6\" data-element_type=\"column\" data-e-type=\"column\">\n\t\t\t<div class=\"elementor-widget-wrap elementor-element-populated\">\n\t\t\t\t\t\t<div class=\"elementor-element elementor-element-8041198 elementor-widget elementor-widget-text-editor\" data-id=\"8041198\" data-element_type=\"widget\" data-e-type=\"widget\" data-widget_type=\"text-editor.default\">\n\t\t\t\t<div class=\"elementor-widget-container\">\n\t\t\t\t\t\t\t\t\t<h3 data-section-id=\"2qa065\" data-start=\"3567\" data-end=\"3607\">Pravne promjene od 2025\/2026.<\/h3><p data-start=\"3609\" data-end=\"3862\">Osnivanje preduze\u0107a u Crnoj Gori se zna\u010dajno promijenilo od 2025. godine. Dok je sam proces osnivanja i dalje relativno jednostavan, regulatorni okvir je postao znatno stro\u017eiji, transparentniji i stro\u017ee kontrolisan. <\/p><p data-start=\"3864\" data-end=\"4119\">U pro\u0161losti, osnivanje firme u Crnoj Gori \u010desto se koristilo kao relativno jednostavan na\u010din za dobijanje boravi\u0161ne dozvole, bez ikakve stvarne poslovne aktivnosti kao primarnog fokusa. Ovaj model je od tada jasno regulisan. <\/p><p data-start=\"4121\" data-end=\"4500\">Danas postoji poja\u010dan nadzor nad time da li je novoosnovana kompanija ekonomski aktivna. Klju\u010dna komponenta ovog razvoja je takozvano pravilo od 5.000 eura. Upravni direktori ili dioni\u010dari s vi\u0161e od 51% vlasni\u0161tva moraju dokazati da su godi\u0161nje pla\u0107ali najmanje 5.000 eura poreza i doprinosa za socijalno osiguranje kako bi obnovili svoju boravi\u0161nu dozvolu.  <\/p><p data-start=\"4502\" data-end=\"4638\">Va\u017eno je napomenuti da se ova uredba ne odnosi na gra\u0111ane EU ili dr\u017eavljane Islanda, Lihten\u0161tajna, Norve\u0161ke i \u0160vicarske.<\/p>\t\t\t\t\t\t\t\t<\/div>\n\t\t\t\t<\/div>\n\t\t\t\t\t<\/div>\n\t\t<\/div>\n\t\t\t\t\t<\/div>\n\t\t<\/section>\n\t\t\t\t<section class=\"elementor-section elementor-top-section elementor-element elementor-element-0759ff6 elementor-section-boxed elementor-section-height-default elementor-section-height-default\" data-id=\"0759ff6\" data-element_type=\"section\" data-e-type=\"section\">\n\t\t\t\t\t\t<div class=\"elementor-container elementor-column-gap-default\">\n\t\t\t\t\t<div class=\"elementor-column elementor-col-100 elementor-top-column elementor-element elementor-element-f027daa\" data-id=\"f027daa\" data-element_type=\"column\" data-e-type=\"column\">\n\t\t\t<div class=\"elementor-widget-wrap elementor-element-populated\">\n\t\t\t\t\t\t<div class=\"elementor-element elementor-element-278b228 elementor-widget elementor-widget-text-editor\" data-id=\"278b228\" data-element_type=\"widget\" data-e-type=\"widget\" data-widget_type=\"text-editor.default\">\n\t\t\t\t<div class=\"elementor-widget-container\">\n\t\t\t\t\t\t\t\t\t<h3 data-section-id=\"142f8ar\" data-start=\"4645\" data-end=\"4680\">Digitalizacija i novi sistemi<\/h3><p data-start=\"4682\" data-end=\"4896\">Klju\u010dna komponenta modernog osnivanja preduze\u0107a u Crnoj Gori je sve ve\u0107a digitalizacija. Procesi se sada centralno upravljaju putem sistema kao \u0161to su CRPS i novi IRMS sistem poreske uprave. <\/p><p data-start=\"4898\" data-end=\"5135\">Osnivanje preduze\u0107a u Crnoj Gori se sve vi\u0161e obavlja elektronskim putem \u2013 od procesa prijave do komunikacije s vlastima. Uz kompletnu dokumentaciju, obrada se \u010desto mo\u017ee zavr\u0161iti u roku od tri radna dana. <\/p><p data-start=\"5137\" data-end=\"5409\">Me\u0111utim, digitalizacija donosi i nove zahtjeve. Posebno je va\u017ean takozvani token \u2013 digitalni certifikat koji slu\u017ei kao elektronski potpis. Bez ovog tokena, pravilno upravljanje kompanijom vi\u0161e nije mogu\u0107e.  <\/p>\t\t\t\t\t\t\t\t<\/div>\n\t\t\t\t<\/div>\n\t\t\t\t\t<\/div>\n\t\t<\/div>\n\t\t\t\t\t<\/div>\n\t\t<\/section>\n\t\t\t\t<section class=\"elementor-section elementor-top-section elementor-element elementor-element-132bfac elementor-section-boxed elementor-section-height-default elementor-section-height-default\" data-id=\"132bfac\" data-element_type=\"section\" data-e-type=\"section\">\n\t\t\t\t\t\t<div class=\"elementor-container elementor-column-gap-default\">\n\t\t\t\t\t<div class=\"elementor-column elementor-col-100 elementor-top-column elementor-element elementor-element-ca17bf3\" data-id=\"ca17bf3\" data-element_type=\"column\" data-e-type=\"column\">\n\t\t\t<div class=\"elementor-widget-wrap elementor-element-populated\">\n\t\t\t\t\t\t<div class=\"elementor-element elementor-element-5fade31 elementor-widget elementor-widget-text-editor\" data-id=\"5fade31\" data-element_type=\"widget\" data-e-type=\"widget\" data-widget_type=\"text-editor.default\">\n\t\t\t\t<div class=\"elementor-widget-container\">\n\t\t\t\t\t\t\t\t\t<h3 data-section-id=\"1rw86it\" data-start=\"5416\" data-end=\"5455\">Teku\u0107e obaveze i nova realnost<\/h3><p data-start=\"5457\" data-end=\"5666\">Osnivanje kompanije u Crnoj Gori vi\u0161e ne bi trebalo smatrati pukom formalno\u0161\u0107u. Dok je u pro\u0161losti \u010desto bilo dovoljno neaktivno preduze\u0107e, danas se uglavnom o\u010dekuje stvarna poslovna aktivnost. <\/p><p data-start=\"5668\" data-end=\"5918\">To uklju\u010duje pravilno ra\u010dunovodstvo, redovno pla\u0107anje poreza, registraciju zaposlenih i jasnu ekonomsku aktivnost. Vlasti sve vi\u0161e rade umre\u017eeno i upore\u0111uju podatke izme\u0111u razli\u010ditih institucija. <\/p><p data-start=\"5668\" data-end=\"5918\">Kao \u0161to je ve\u0107 spomenuto, postoji mala razlika izme\u0111u osnivanja kompanije kao gra\u0111anin EU i kao dr\u017eavljanin dr\u017eave koja nije dr\u017eavljanin EU.  <\/p>\t\t\t\t\t\t\t\t<\/div>\n\t\t\t\t<\/div>\n\t\t\t\t\t<\/div>\n\t\t<\/div>\n\t\t\t\t\t<\/div>\n\t\t<\/section>\n\t\t\t\t<section class=\"elementor-section elementor-top-section elementor-element elementor-element-44b8ecd elementor-section-boxed elementor-section-height-default elementor-section-height-default\" data-id=\"44b8ecd\" data-element_type=\"section\" data-e-type=\"section\">\n\t\t\t\t\t\t<div class=\"elementor-container elementor-column-gap-default\">\n\t\t\t\t\t<div class=\"elementor-column elementor-col-100 elementor-top-column elementor-element elementor-element-4783edc\" data-id=\"4783edc\" data-element_type=\"column\" data-e-type=\"column\">\n\t\t\t<div class=\"elementor-widget-wrap elementor-element-populated\">\n\t\t\t\t\t\t<div class=\"elementor-element elementor-element-2a1a4f1 elementor-widget elementor-widget-text-editor\" data-id=\"2a1a4f1\" data-element_type=\"widget\" data-e-type=\"widget\" data-widget_type=\"text-editor.default\">\n\t\t\t\t<div class=\"elementor-widget-container\">\n\t\t\t\t\t\t\t\t\t<h3 data-section-id=\"o68uh8\" data-start=\"5925\" data-end=\"5961\">Prilago\u0111avanja u pravu kompanija<\/h3><p data-start=\"5963\" data-end=\"6206\">Novim zakonom o privrednim dru\u0161tvima, koji je na snazi \u200b\u200bod 1. januara 2026. godine, osnivanje privrednih dru\u0161tava u Crnoj Gori je dodatno profesionalizovano. Cilj je bli\u017ee uskla\u0111ivanje s evropskim standardima, kao i ve\u0107a transparentnost i jasnije strukture. <\/p><p data-start=\"6208\" data-end=\"6450\">Postoje\u0107e kompanije su morale prilagoditi svoje dokumente, u nekim slu\u010dajevima do 31. marta 2026. (sa produ\u017eenjem do juna 2026.). Za nova preduze\u0107a, to tako\u0111er zna\u010di da dokumenti moraju biti ne samo kreirani, ve\u0107 i obra\u0111eni i dostavljeni digitalno na na\u010din koji je kompatibilan sa sistemom. <\/p>\t\t\t\t\t\t\t\t<\/div>\n\t\t\t\t<\/div>\n\t\t\t\t\t<\/div>\n\t\t<\/div>\n\t\t\t\t\t<\/div>\n\t\t<\/section>\n\t\t\t\t<section class=\"elementor-section elementor-top-section elementor-element elementor-element-ad3902f elementor-section-boxed elementor-section-height-default elementor-section-height-default\" data-id=\"ad3902f\" data-element_type=\"section\" data-e-type=\"section\">\n\t\t\t\t\t\t<div class=\"elementor-container elementor-column-gap-default\">\n\t\t\t\t\t<div class=\"elementor-column elementor-col-100 elementor-top-column elementor-element elementor-element-4a2acdb\" data-id=\"4a2acdb\" data-element_type=\"column\" data-e-type=\"column\">\n\t\t\t<div class=\"elementor-widget-wrap elementor-element-populated\">\n\t\t\t\t\t\t<div class=\"elementor-element elementor-element-b8fec29 elementor-widget elementor-widget-text-editor\" data-id=\"b8fec29\" data-element_type=\"widget\" data-e-type=\"widget\" data-widget_type=\"text-editor.default\">\n\t\t\t\t<div class=\"elementor-widget-container\">\n\t\t\t\t\t\t\t\t\t<h3 data-section-id=\"1tvc1bp\" data-start=\"6457\" data-end=\"6498\">Kombinacija s boravi\u0161nom dozvolom<\/h3><p data-start=\"6500\" data-end=\"6771\">Klju\u010dni aspekt osnivanja kompanije u Crnoj Gori je veza sa dobijanjem boravi\u0161ne dozvole. Generalni direktor se obi\u010dno zvani\u010dno zapo\u0161ljava u roku od 14 dana od osnivanja kompanije, a zatim mo\u017ee podnijeti zahtjev za boravi\u0161nu dozvolu. <\/p><p data-start=\"6773\" data-end=\"6939\">Pratit \u0107emo vas kroz cijeli proces \u2013 od osnivanja va\u0161e kompanije u Crnoj Gori, preko registracije, podno\u0161enja zahtjeva za i produ\u017eenja va\u0161e boravi\u0161ne dozvole.<\/p>\t\t\t\t\t\t\t\t<\/div>\n\t\t\t\t<\/div>\n\t\t\t\t\t<\/div>\n\t\t<\/div>\n\t\t\t\t\t<\/div>\n\t\t<\/section>\n\t\t\t\t<section class=\"elementor-section elementor-top-section elementor-element elementor-element-c6baa80 elementor-section-boxed elementor-section-height-default elementor-section-height-default\" data-id=\"c6baa80\" data-element_type=\"section\" data-e-type=\"section\">\n\t\t\t\t\t\t<div class=\"elementor-container elementor-column-gap-default\">\n\t\t\t\t\t<div class=\"elementor-column elementor-col-100 elementor-top-column elementor-element elementor-element-5c2bfcb\" data-id=\"5c2bfcb\" data-element_type=\"column\" data-e-type=\"column\">\n\t\t\t<div class=\"elementor-widget-wrap elementor-element-populated\">\n\t\t\t\t\t\t<div class=\"elementor-element elementor-element-efa28fa elementor-widget elementor-widget-text-editor\" data-id=\"efa28fa\" data-element_type=\"widget\" data-e-type=\"widget\" data-widget_type=\"text-editor.default\">\n\t\t\t\t<div class=\"elementor-widget-container\">\n\t\t\t\t\t\t\t\t\t<h3 data-section-id=\"1n3mmu3\" data-start=\"6946\" data-end=\"6992\">Na\u0161a podr\u0161ka \u2013 sve iz jednog izvora<\/h3><p data-start=\"6994\" data-end=\"7262\">Osnivanje firme u Crnoj Gori nije izolovan proces sa nama, ve\u0107 dio sveobuhvatnog koncepta podr\u0161ke. Poma\u017eemo vam ne samo sa samim osnivanjem firme, ve\u0107 i sa svim povezanim administrativnim i organizacionim koracima. <\/p><p data-start=\"7264\" data-end=\"7291\">To uklju\u010duje, izme\u0111u ostalog:<\/p><ul data-start=\"7292\" data-end=\"7493\"><li data-section-id=\"jjgohq\" data-start=\"7292\" data-end=\"7334\">Podno\u0161enje zahtjeva za boravi\u0161nu dozvolu<\/li><li data-section-id=\"1sp17j\" data-start=\"7335\" data-end=\"7363\">Otvaranje bankovnih ra\u010duna<\/li><li data-section-id=\"10v5qq3\" data-start=\"7364\" data-end=\"7408\">Pratnja na termine kod notara i advokata<\/li><li data-section-id=\"177znf9\" data-start=\"7409\" data-end=\"7448\">Uvoz i registracija vozila<\/li><li data-section-id=\"55p6zo\" data-start=\"7449\" data-end=\"7493\">Podr\u0161ka u slu\u017ebenim procesima<\/li><\/ul><p data-start=\"7495\" data-end=\"7629\">Na\u0161e usluge nudimo li\u010dno na licu mjesta u Baru, u centru grada, od ponedjeljka do petka izme\u0111u 08:00 i 15:00 sati.<\/p>\t\t\t\t\t\t\t\t<\/div>\n\t\t\t\t<\/div>\n\t\t\t\t\t<\/div>\n\t\t<\/div>\n\t\t\t\t\t<\/div>\n\t\t<\/section>\n\t\t\t\t<section class=\"elementor-section elementor-top-section elementor-element elementor-element-9da2096 elementor-section-boxed elementor-section-height-default elementor-section-height-default\" data-id=\"9da2096\" data-element_type=\"section\" data-e-type=\"section\">\n\t\t\t\t\t\t<div class=\"elementor-container elementor-column-gap-default\">\n\t\t\t\t\t<div class=\"elementor-column elementor-col-100 elementor-top-column elementor-element elementor-element-d5fd32d\" data-id=\"d5fd32d\" data-element_type=\"column\" data-e-type=\"column\">\n\t\t\t<div class=\"elementor-widget-wrap elementor-element-populated\">\n\t\t\t\t\t\t<div class=\"elementor-element elementor-element-63e3527 elementor-widget elementor-widget-text-editor\" data-id=\"63e3527\" data-element_type=\"widget\" data-e-type=\"widget\" data-widget_type=\"text-editor.default\">\n\t\t\t\t<div class=\"elementor-widget-container\">\n\t\t\t\t\t\t\t\t\t<h2 data-section-id=\"swo771\" data-start=\"7636\" data-end=\"7694\">Zaklju\u010dak: Strate\u0161ki pristupite osnivanju preduze\u0107a u Crnoj Gori<\/h2><p data-start=\"7696\" data-end=\"7983\">Osnivanje kompanije u Crnoj Gori ostaje atraktivna opcija za preduzetni\u010dko restrukturiranje ili me\u0111unarodnu ekspanziju. Istovremeno, okru\u017eenje je postalo znatno profesionalnije i sada zahtijeva strukturiran i ozbiljan pristup. <\/p><p data-start=\"7985\" data-end=\"8245\">Oni koji pravilno pristupe osnivanju preduze\u0107a u Crnoj Gori imaju koristi od modernog, transparentnog i sve stabilnijeg sistema. Klju\u010dni faktori uklju\u010duju temeljnu pripremu, uskla\u0111enost sa svim trenutnim zahtjevima i dobro osmi\u0161ljen poslovni model. <\/p><p data-start=\"8247\" data-end=\"8529\" data-is-last-node=\"\" data-is-only-node=\"\">Upravo tu mi nastupamo: Pratimo vas od samog po\u010detka i osiguravamo da osnivanje va\u0161e kompanije u Crnoj Gori bude efikasno, sigurno i \u0161to jednostavnije \u2013 bilo da se radi o osnivanju nove kompanije, prilago\u0111avanju postoje\u0107ih struktura ili dugoro\u010dnoj podr\u0161ci va\u0161oj kompaniji.<\/p>\t\t\t\t\t\t\t\t<\/div>\n\t\t\t\t<\/div>\n\t\t\t\t\t<\/div>\n\t\t<\/div>\n\t\t\t\t\t<\/div>\n\t\t<\/section>\n\t\t\t\t<\/div>\n\t\t","protected":false},"excerpt":{"rendered":"<p>Osnivanje kompanije u Crnoj Gori Va\u0161 sveobuhvatni vodi\u010d sa svim najnovijim informacijama Osnivanje preduze\u0107a u Crnoj Gori ve\u0107 dugi niz godina je jedna od osnovnih usluga na\u0161e agencije Immo Monte. Svakodnevno podr\u017eavamo osniva\u010de iz zemalja njema\u010dkog govornog podru\u010dja i me\u0111unarodne poduzetnike u uspje\u0161noj realizaciji njihovih poslovnih ideja u Crnoj Gori. Za mnoge, osnivanje preduze\u0107a u [&hellip;]<\/p>\n","protected":false},"author":2,"featured_media":48929,"parent":0,"menu_order":0,"comment_status":"closed","ping_status":"closed","template":"","meta":{"footnotes":""},"class_list":["post-81825","page","type-page","status-publish","has-post-thumbnail","hentry"],"aioseo_notices":[],"jetpack_sharing_enabled":true,"_links":{"self":[{"href":"https:\/\/immo-monte.me\/bs\/wp-json\/wp\/v2\/pages\/81825","targetHints":{"allow":["GET"]}}],"collection":[{"href":"https:\/\/immo-monte.me\/bs\/wp-json\/wp\/v2\/pages"}],"about":[{"href":"https:\/\/immo-monte.me\/bs\/wp-json\/wp\/v2\/types\/page"}],"author":[{"embeddable":true,"href":"https:\/\/immo-monte.me\/bs\/wp-json\/wp\/v2\/users\/2"}],"replies":[{"embeddable":true,"href":"https:\/\/immo-monte.me\/bs\/wp-json\/wp\/v2\/comments?post=81825"}],"version-history":[{"count":8,"href":"https:\/\/immo-monte.me\/bs\/wp-json\/wp\/v2\/pages\/81825\/revisions"}],"predecessor-version":[{"id":109088,"href":"https:\/\/immo-monte.me\/bs\/wp-json\/wp\/v2\/pages\/81825\/revisions\/109088"}],"wp:featuredmedia":[{"embeddable":true,"href":"https:\/\/immo-monte.me\/bs\/wp-json\/wp\/v2\/media\/48929"}],"wp:attachment":[{"href":"https:\/\/immo-monte.me\/bs\/wp-json\/wp\/v2\/media?parent=81825"}],"curies":[{"name":"wp","href":"https:\/\/api.w.org\/{rel}","templated":true}]}}